{"id":6619,"date":"2024-03-01T21:10:17","date_gmt":"2024-03-02T00:10:17","guid":{"rendered":"https:\/\/solvefortomorrowlatam.com\/pratica\/creme-desenvolvido-por-alunas-age-como-protetor-solar-e-repelente-contra-insetos\/"},"modified":"2024-10-28T14:09:16","modified_gmt":"2024-10-28T17:09:16","slug":"crema-desarrollada-estudiantes-actua-protector-solar-repelente-insectos","status":"publish","type":"pratica","link":"https:\/\/solvefortomorrowlatam.com\/es\/practica\/crema-desarrollada-estudiantes-actua-protector-solar-repelente-insectos\/","title":{"rendered":"Crema desarrollada por estudiantes act\u00faa como protector solar y repelente de insectos"},"content":{"rendered":"\n<p>Aprovechar las propiedades farmac\u00e9uticas y medicinales de los recursos naturales es una tendencia creciente para promover la sostenibilidad en todo el mundo. En la regi\u00f3n amaz\u00f3nica, hogar de la mayor biodiversidad del planeta, no podr\u00eda ser diferente. De la uni\u00f3n de una resina y una planta arbustiva surgi\u00f3 Nanofotocream, una crema multifuncional desarrollada por un equipo de cuatro estudiantes y dos profesores del Instituto Federal de Rond\u00f4nia (IFRO). El proyecto gan\u00f3 la 10\u00aa edici\u00f3n de Solve for Tomorrow Brasil, proponiendo una cosm\u00e9tica innovadora, natural y con bajos costos de producci\u00f3n.<\/p>\n\n\n\n<p>El producto tiene como base extracto de carayuru, un arbusto medicinal y aceite de colofonia, una resina natural. Ambos son conocidos por su funci\u00f3n antiinflamatoria y se pueden encontrar f\u00e1cilmente en el estado de Rond\u00f4nia. A partir de una serie de pruebas qu\u00edmicas, el grupo logr\u00f3 desarrollar una crema capaz de proteger la piel de la luz solar, prevenir enfermedades como el c\u00e1ncer de piel, prevenir el envejecimiento prematuro provocado por los radicales libres y actuar tambi\u00e9n como repelente contra insectos portadores de enfermedades tropicales.<\/p>\n\n\n\n<div class=\"banner -blue\">\n    <h5>\n                \u00a1Explicando!    <\/h5>\n    <p><span style=\"font-weight: 400;\">Una de las razones que llevaron al grupo a desarrollar una crema de protecci\u00f3n solar es que Rond\u00f4nia es una regi\u00f3n del pa\u00eds muy vulnerable al c\u00e1ncer de piel, debido a su ubicaci\u00f3n geogr\u00e1fica, el perfil de sus residentes (muchos inmigrantes de piel clara) y el trabajo del estado (producci\u00f3n intensa en el campo).<\/span><\/p>\n<\/div>\n\n\n<p>Los integrantes del equipo cursan 1\u00ba de bachillerato (antepen\u00faltimo a\u00f1o de escolaridad obligatoria), tienen 15 a\u00f1os y son estudiantes del ciclo t\u00e9cnico profesional de Qu\u00edmica. En Brasil, cada estado tiene un Instituto Federal, donde existe la posibilidad de que los estudiantes completen la educaci\u00f3n secundaria (los \u00faltimos tres a\u00f1os de la escolaridad obligatoria) junto con la formaci\u00f3n t\u00e9cnica. De esta manera, el estudiante cuenta con las materias del plan de estudios tradicional del bachillerato y las propias del curso t\u00e9cnico elegido.<\/p>\n\n\n\n<p>Seg\u00fan Minelly Azevedo, una de las profesoras responsables del proyecto, todo comenz\u00f3 en una asignatura del primer semestre, que ense\u00f1a los fundamentos de la experimentaci\u00f3n qu\u00edmica. \u201cAs\u00ed que\u00a0 comienza el curso, la clase debe empezar a pensar en desarrollar productos o brindar servicios. Y aqu\u00ed en la Amazonia tenemos varios <a href=\"https:\/\/solvefortomorrowlatam.com\/es\/entrada\/desafios-sociales\/\">problemas sociales<\/a>; incluida la salud p\u00fablica. Al discutir estos asuntos, uno de los estudiantes plante\u00f3 el tema de la fotoprotecci\u00f3n\u201d, recuerda la educadora.<\/p>\n\n\n\n<figure class=\"wp-block-image size-large\"><img loading=\"lazy\" decoding=\"async\" width=\"1024\" height=\"684\" src=\"https:\/\/solvefortomorrowlatam.com\/wp-content\/uploads\/2024\/03\/nanotocream-solve-for-tomorrow-brasil-1024x684.jpg\" alt=\"NanoFotoCream\" class=\"wp-image-6582\" srcset=\"https:\/\/solvefortomorrowlatam.com\/wp-content\/uploads\/2024\/03\/nanotocream-solve-for-tomorrow-brasil-1024x684.jpg 1024w, https:\/\/solvefortomorrowlatam.com\/wp-content\/uploads\/2024\/03\/nanotocream-solve-for-tomorrow-brasil-300x200.jpg 300w, https:\/\/solvefortomorrowlatam.com\/wp-content\/uploads\/2024\/03\/nanotocream-solve-for-tomorrow-brasil-768x513.jpg 768w, https:\/\/solvefortomorrowlatam.com\/wp-content\/uploads\/2024\/03\/nanotocream-solve-for-tomorrow-brasil.jpg 1055w\" sizes=\"auto, (max-width: 1024px) 100vw, 1024px\" \/><\/figure>\n\n\n\n<blockquote class=\"wp-block-quote is-layout-flow wp-block-quote-is-layout-flow\">\n<p>Vimos que hacer un protector solar era algo posible e importante para nuestra regi\u00f3n. Por eso, comenzamos a hacer un levantamiento bibliogr\u00e1fico y observar los productos disponibles en el mercado para comprender mejor las ventajas y desventajas de este proyecto, explica Azevedo.\u00a0<\/p>\n<\/blockquote>\n\n\n\n<p>Un detalle que llam\u00f3 la atenci\u00f3n del equipo fue darse cuenta de que la mayor\u00eda de los protectores solares a la venta resaltaban la funci\u00f3n antioxidante. \u201cEntonces, reflexionamos sobre lo que significa ser antioxidante y c\u00f3mo podr\u00edamos incluir esta propiedad en nuestra crema. Luego, un estudiante sugiri\u00f3 que el producto tambi\u00e9n podr\u00eda ser repelente. \u00bfPor qu\u00e9 no combinar todas estas ideas?\u201d, dice la profesora.<\/p>\n\n\n\n<div class=\"banner -yellow\">\n    <h5>\n                \u00a1Momento eureka!    <\/h5>\n    <p><span style=\"font-weight: 400;\">Combinar varias funcionalidades en una sola crema hace que el producto sea a\u00fan m\u00e1s valioso; pero poner esto en pr\u00e1ctica es un desaf\u00edo. \u201cPensamos en c\u00f3mo podr\u00edamos combinar diferentes caracter\u00edsticas qu\u00edmicas sin perder nuestra base de extractos amaz\u00f3nicos y mantener un producto atractivo y econ\u00f3mico. En conversaci\u00f3n con otro proyecto que se estaba desarrollando en el curso surgi\u00f3 la soluci\u00f3n: las nanoc\u00e1psulas\u201d, destaca Azevedo. Esta fue la clave para crear el producto m\u00ednimo viable.<\/span><\/p>\n<p><span style=\"font-weight: 400;\">Las nanoc\u00e1psulas son, a grandes rasgos, c\u00e1psulas cuyas sustancias se manipulan a una escala muy peque\u00f1a, denominada nanom\u00e9trica (a nivel at\u00f3mico y molecular, siendo invisible a simple vista). \u201cPensando en nuestro producto, las nanoc\u00e1psulas actuar\u00e1n como si fueran un capuch\u00f3n protector que proteger\u00e1 los principios activos y preservar\u00e1 la f\u00f3rmula del producto. Esto es importante porque promueve una mayor eficacia en este tratamiento de protecci\u00f3n de la piel\u201d, explica la profesora.<\/span><\/p>\n<\/div>\n\n\n<h2 class=\"wp-block-heading\"><strong>Ciencia para la bioeconom\u00eda<\/strong><\/h2>\n\n\n\n<p>Paralelamente a la decisi\u00f3n sobre la t\u00e9cnica adoptada, el grupo decidi\u00f3 los insumos necesarios. Se realizaron pruebas con varias plantas, pero algunas candidatas fueron eliminadas por no tener olor ni color agradable. Finalmente se eligi\u00f3 el carayuru, que ya se utiliza habitualmente en fitoterapia (tratamiento que utiliza plantas o derivados de plantas como medicamentos) para casos de anemia y \u00falceras. Adem\u00e1s, elegimos el aceite de colofonia, que se utiliza como cicatrizante, expectorante y antimicrobiano. \u201cNos preocupamos por investigar los frutos de nuestra biodiversidad y estimular la bioeconom\u00eda local\u201d, subraya.<\/p>\n\n\n\n<p>Otro aspecto tomado en consideraci\u00f3n fue asegurar que los componentes utilizados en la f\u00f3rmula no generaran contaminaci\u00f3n del agua o suelo. \u201cNo puede ser perjudicial para la piel de las personas ni generar residuos contaminantes. Por eso trabajamos con pol\u00edmeros sint\u00e9ticos biodegradables\u201d, informa.<\/p>\n\n\n\n<h2 class=\"wp-block-heading\"><strong>Experimentaci\u00f3n desde temprana edad<\/strong><\/h2>\n\n\n\n<p>Cada a\u00f1o, los profesores de IFRO realizan una convocatoria voluntaria para estudiantes que quieran desarrollar proyectos extraescolares de <a href=\"https:\/\/solvefortomorrowlatam.com\/es\/entrada\/alfabetizacion-cientifica\/\">iniciaci\u00f3n cient\u00edfica<\/a>. \u201cPara este tipo de proyectos solemos trabajar con alumnos de 2\u00ba a\u00f1o en adelante, que ya tienen una base de conocimientos. Nunca imaginamos que los alumnos de 1\u00ba a\u00f1o pudieran progresar tanto con este producto\u201d, revela Azevedo.<\/p>\n\n\n\n<p>Dice que fue una apuesta formar este grupo a una edad tan temprana, pero tambi\u00e9n fue una grata sorpresa ver la madurez de los adolescentes. \u201cNos dej\u00f3 una lecci\u00f3n de que la experimentaci\u00f3n puede venir desde el principio, aprovechando la energ\u00eda y las ganas de participar en este grupo m\u00e1s joven\u201d, apunta.<\/p>\n\n\n\n<figure class=\"wp-block-image size-large\"><img loading=\"lazy\" decoding=\"async\" width=\"1024\" height=\"684\" src=\"https:\/\/solvefortomorrowlatam.com\/wp-content\/uploads\/2024\/03\/nanotocream2-solve-for-tomorrow-brasil-1024x684.jpg\" alt=\"\" class=\"wp-image-6595\" srcset=\"https:\/\/solvefortomorrowlatam.com\/wp-content\/uploads\/2024\/03\/nanotocream2-solve-for-tomorrow-brasil-1024x684.jpg 1024w, https:\/\/solvefortomorrowlatam.com\/wp-content\/uploads\/2024\/03\/nanotocream2-solve-for-tomorrow-brasil-300x200.jpg 300w, https:\/\/solvefortomorrowlatam.com\/wp-content\/uploads\/2024\/03\/nanotocream2-solve-for-tomorrow-brasil-768x513.jpg 768w, https:\/\/solvefortomorrowlatam.com\/wp-content\/uploads\/2024\/03\/nanotocream2-solve-for-tomorrow-brasil.jpg 1055w\" sizes=\"auto, (max-width: 1024px) 100vw, 1024px\" \/><\/figure>\n\n\n\n<p>Para Azevedo, la tutor\u00eda de Solve for Tomorrow fue crucial en este proceso. \u201cNuestra mentora pudo acceder en todo momento a estos j\u00f3venes, intercambiando experiencias y motiv\u00e1ndolos. Fue incre\u00edble. Y nosotras como profesoras aprendimos mucho\u201d, destaca.<\/p>\n\n\n\n<p>Parte del \u00e9xito tambi\u00e9n se debe a la implicaci\u00f3n de las familias: \u201cFue muy importante el apoyo de los padres, animando a los alumnos y entendiendo que a veces necesitaban permanecer m\u00e1s tiempo en el colegio\u201d, refuerza.<\/p>\n\n\n\n<p>Con los resultados positivos, la idea ahora es continuar el proyecto en los pr\u00f3ximos cursos acad\u00e9micos, realizando pruebas m\u00e1s elaboradas, de modo que el prototipado est\u00e9 totalmente terminado al finalizar el bachillerato. La marca \u201cNanofotocream\u201d ya ha sido registrada y el objetivo es registrar la patente al finalizar los tres a\u00f1os de estudio.<\/p>\n\n\n\n<div class=\"banner -yellow\">\n    <h5>\n                Parcerias foram fundamentais para a evolu\u00e7\u00e3o do projeto\u00a0\u00a0    <\/h5>\n    <p><span style=\"font-weight: 400;\">Para chegar mais longe, a equipe contou com parceiros de dentro e de fora da institui\u00e7\u00e3o. O trabalho com nanoencapsulamento foi se desenvolvendo a partir de trocas de ideias com outros estudantes que j\u00e1 estavam usando essa t\u00e9cnica. J\u00e1 para fazer os testes mais elaborados, contaram com apoio de institui\u00e7\u00f5es de pesquisa. Por exemplo, segundo a professora, no IFRO n\u00e3o se trabalha com c\u00e9lulas, ent\u00e3o a Funda\u00e7\u00e3o Oswaldo Cruz realizou o ensaio de citotoxicidade [capacidade que uma subst\u00e2ncia possui de inibir a prolifera\u00e7\u00e3o celular ou causar danos e les\u00f5es \u00e0s c\u00e9lulas] e de repel\u00eancia, com mosquitos in vitro (fora de um organismo vivo). Essa colabora\u00e7\u00e3o ser\u00e1 mantida para a pr\u00f3xima fase do projeto: testar o produto em seres humanos (ensaio in vivo). J\u00e1 com a Universidade Federal de Rond\u00f4nia, houve um &#8220;interc\u00e2mbio&#8221; entre alunos de gradua\u00e7\u00e3o e p\u00f3s-gradua\u00e7\u00e3o<\/span><span style=\"font-weight: 400;\">,<\/span><span style=\"font-weight: 400;\"> visitando o Instituto para acompanhar a pesquisa das alunas do projeto e vice-e-versa. <\/span><\/p>\n<\/div>\n\n\n<figure class=\"wp-block-embed is-type-video is-provider-youtube wp-block-embed-youtube wp-embed-aspect-16-9 wp-has-aspect-ratio\"><div class=\"wp-block-embed__wrapper\">\n<div class=\"embed-responsive embed-responsive-16by9 ratio ratio-16x9\"><iframe loading=\"lazy\" class=\"embed-responsive-item\"  title=\"Solve for Tomorrow Brasil - NanoFotoCream: Antioxidante, Fotoprotetor com A\u00e7\u00e3o Repelente\" width=\"500\" height=\"281\" src=\"https:\/\/www.youtube.com\/embed\/HZ3-oWZy6aI?feature=oembed\" frameborder=\"0\" allow=\"accelerometer; autoplay; clipboard-write; encrypted-media; gyroscope; picture-in-picture; web-share\" referrerpolicy=\"strict-origin-when-cross-origin\" allowfullscreen><\/iframe><\/div>\n<\/div><\/figure>\n","protected":false},"excerpt":{"rendered":"<p>Este producto multifuncional se elabora con extractos de la Amazonia  y adem\u00e1s previene el envejecimiento prematuro y enfermedades como el c\u00e1ncer de piel.<\/p>\n","protected":false},"featured_media":6609,"template":"","tags":[],"eixo_tematico":[206,208],"area_stem":[211,170],"ano_projeto":[80],"posicao_projeto":[171],"pais_projeto":[148],"area_conhecimento":[172,252],"class_list":["post-6619","pratica","type-pratica","status-publish","has-post-thumbnail","hentry","eixo_tematico-meio-ambiente-es","eixo_tematico-saude-es","area_stem-ciencias-es","area_stem-tecnologia-es","ano_projeto-80","posicao_projeto-vencedor-es","pais_projeto-brasil-es","area_conhecimento-ciencias-sociais-ou-sociologia-es","area_conhecimento-educacao-ambiental-es"],"acf":[],"yoast_head":"<!-- This site is optimized with the Yoast SEO plugin v27.5 - https:\/\/yoast.com\/product\/yoast-seo-wordpress\/ -->\n<title>Nanofotocream: Protector Solar y Repelente<\/title>\n<meta name=\"description\" content=\"Explora una crema creada por estudiantes con extractos amaz\u00f3nicos y nanotecnolog\u00eda. Ofrece protecci\u00f3n solar, propiedades antioxidantes y repelente.\" \/>\n<meta name=\"robots\" content=\"index, follow, max-snippet:-1, max-image-preview:large, max-video-preview:-1\" \/>\n<link rel=\"canonical\" href=\"https:\/\/solvefortomorrowlatam.com\/es\/practica\/crema-desarrollada-estudiantes-actua-protector-solar-repelente-insectos\/\" \/>\n<meta property=\"og:locale\" content=\"es_ES\" \/>\n<meta property=\"og:type\" content=\"article\" \/>\n<meta property=\"og:title\" content=\"Creme desenvolvido por alunas age como protetor solar e repelente contra insetos\" \/>\n<meta property=\"og:description\" content=\"Com extratos da Amaz\u00f4nia, o produto multifuncional utiliza nanotecnologia para tamb\u00e9m prevenir o envelhecimento precoce e doen\u00e7as como o c\u00e2ncer de pele.\" \/>\n<meta property=\"og:url\" content=\"https:\/\/solvefortomorrowlatam.com\/es\/practica\/crema-desarrollada-estudiantes-actua-protector-solar-repelente-insectos\/\" \/>\n<meta property=\"og:site_name\" content=\"Solve for Tomorrow Latam\" \/>\n<meta property=\"article:modified_time\" content=\"2024-10-28T17:09:16+00:00\" \/>\n<meta property=\"og:image\" content=\"https:\/\/solvefortomorrowlatam.com\/wp-content\/uploads\/2024\/03\/SFT_02_nanofotocreamstem.jpg\" \/>\n\t<meta property=\"og:image:width\" content=\"554\" \/>\n\t<meta property=\"og:image:height\" content=\"430\" \/>\n\t<meta property=\"og:image:type\" content=\"image\/jpeg\" \/>\n<meta name=\"twitter:card\" content=\"summary_large_image\" \/>\n<meta name=\"twitter:label1\" content=\"Est. reading time\" \/>\n\t<meta name=\"twitter:data1\" content=\"5 minutes\" \/>\n<script type=\"application\/ld+json\" class=\"yoast-schema-graph\">{\"@context\":\"https:\\\/\\\/schema.org\",\"@graph\":[{\"@type\":\"WebPage\",\"@id\":\"https:\\\/\\\/solvefortomorrowlatam.com\\\/es\\\/practica\\\/crema-desarrollada-estudiantes-actua-protector-solar-repelente-insectos\\\/\",\"url\":\"https:\\\/\\\/solvefortomorrowlatam.com\\\/es\\\/practica\\\/crema-desarrollada-estudiantes-actua-protector-solar-repelente-insectos\\\/\",\"name\":\"Nanofotocream: Protector Solar y Repelente\",\"isPartOf\":{\"@id\":\"https:\\\/\\\/solvefortomorrowlatam.com\\\/es\\\/#website\"},\"primaryImageOfPage\":{\"@id\":\"https:\\\/\\\/solvefortomorrowlatam.com\\\/es\\\/practica\\\/crema-desarrollada-estudiantes-actua-protector-solar-repelente-insectos\\\/#primaryimage\"},\"image\":{\"@id\":\"https:\\\/\\\/solvefortomorrowlatam.com\\\/es\\\/practica\\\/crema-desarrollada-estudiantes-actua-protector-solar-repelente-insectos\\\/#primaryimage\"},\"thumbnailUrl\":\"https:\\\/\\\/solvefortomorrowlatam.com\\\/wp-content\\\/uploads\\\/2024\\\/03\\\/img_desk_SFT_02_nanofotocream.jpg\",\"datePublished\":\"2024-03-02T00:10:17+00:00\",\"dateModified\":\"2024-10-28T17:09:16+00:00\",\"description\":\"Explora una crema creada por estudiantes con extractos amaz\u00f3nicos y nanotecnolog\u00eda. Ofrece protecci\u00f3n solar, propiedades antioxidantes y repelente.\",\"breadcrumb\":{\"@id\":\"https:\\\/\\\/solvefortomorrowlatam.com\\\/es\\\/practica\\\/crema-desarrollada-estudiantes-actua-protector-solar-repelente-insectos\\\/#breadcrumb\"},\"inLanguage\":\"es-ES\",\"potentialAction\":[{\"@type\":\"ReadAction\",\"target\":[\"https:\\\/\\\/solvefortomorrowlatam.com\\\/es\\\/practica\\\/crema-desarrollada-estudiantes-actua-protector-solar-repelente-insectos\\\/\"]}]},{\"@type\":\"ImageObject\",\"inLanguage\":\"es-ES\",\"@id\":\"https:\\\/\\\/solvefortomorrowlatam.com\\\/es\\\/practica\\\/crema-desarrollada-estudiantes-actua-protector-solar-repelente-insectos\\\/#primaryimage\",\"url\":\"https:\\\/\\\/solvefortomorrowlatam.com\\\/wp-content\\\/uploads\\\/2024\\\/03\\\/img_desk_SFT_02_nanofotocream.jpg\",\"contentUrl\":\"https:\\\/\\\/solvefortomorrowlatam.com\\\/wp-content\\\/uploads\\\/2024\\\/03\\\/img_desk_SFT_02_nanofotocream.jpg\",\"width\":1920,\"height\":570},{\"@type\":\"BreadcrumbList\",\"@id\":\"https:\\\/\\\/solvefortomorrowlatam.com\\\/es\\\/practica\\\/crema-desarrollada-estudiantes-actua-protector-solar-repelente-insectos\\\/#breadcrumb\",\"itemListElement\":[{\"@type\":\"ListItem\",\"position\":1,\"name\":\"Home\",\"item\":\"https:\\\/\\\/solvefortomorrowlatam.com\\\/es\\\/\"},{\"@type\":\"ListItem\",\"position\":2,\"name\":\"Crema desarrollada por estudiantes act\u00faa como protector solar y repelente de insectos\"}]},{\"@type\":\"WebSite\",\"@id\":\"https:\\\/\\\/solvefortomorrowlatam.com\\\/es\\\/#website\",\"url\":\"https:\\\/\\\/solvefortomorrowlatam.com\\\/es\\\/\",\"name\":\"Solve for Tomorrow Latam\",\"description\":\"A\u00e7\u00f5es educativas para empoderar jovens na transforma\u00e7\u00e3o da sociedade\",\"publisher\":{\"@id\":\"https:\\\/\\\/solvefortomorrowlatam.com\\\/es\\\/#organization\"},\"potentialAction\":[{\"@type\":\"SearchAction\",\"target\":{\"@type\":\"EntryPoint\",\"urlTemplate\":\"https:\\\/\\\/solvefortomorrowlatam.com\\\/es\\\/?s={search_term_string}\"},\"query-input\":{\"@type\":\"PropertyValueSpecification\",\"valueRequired\":true,\"valueName\":\"search_term_string\"}}],\"inLanguage\":\"es-ES\"},{\"@type\":\"Organization\",\"@id\":\"https:\\\/\\\/solvefortomorrowlatam.com\\\/es\\\/#organization\",\"name\":\"Samsung Solve for Tomorrow Latam\",\"url\":\"https:\\\/\\\/solvefortomorrowlatam.com\\\/es\\\/\",\"logo\":{\"@type\":\"ImageObject\",\"inLanguage\":\"es-ES\",\"@id\":\"https:\\\/\\\/solvefortomorrowlatam.com\\\/es\\\/#\\\/schema\\\/logo\\\/image\\\/\",\"url\":\"https:\\\/\\\/solvefortomorrowlatam.com\\\/wp-content\\\/uploads\\\/2022\\\/08\\\/cropped-favicon.png\",\"contentUrl\":\"https:\\\/\\\/solvefortomorrowlatam.com\\\/wp-content\\\/uploads\\\/2022\\\/08\\\/cropped-favicon.png\",\"width\":512,\"height\":512,\"caption\":\"Samsung Solve for Tomorrow Latam\"},\"image\":{\"@id\":\"https:\\\/\\\/solvefortomorrowlatam.com\\\/es\\\/#\\\/schema\\\/logo\\\/image\\\/\"}}]}<\/script>\n<!-- \/ Yoast SEO plugin. -->","yoast_head_json":{"title":"Nanofotocream: Protector Solar y Repelente","description":"Explora una crema creada por estudiantes con extractos amaz\u00f3nicos y nanotecnolog\u00eda. Ofrece protecci\u00f3n solar, propiedades antioxidantes y repelente.","robots":{"index":"index","follow":"follow","max-snippet":"max-snippet:-1","max-image-preview":"max-image-preview:large","max-video-preview":"max-video-preview:-1"},"canonical":"https:\/\/solvefortomorrowlatam.com\/es\/practica\/crema-desarrollada-estudiantes-actua-protector-solar-repelente-insectos\/","og_locale":"es_ES","og_type":"article","og_title":"Creme desenvolvido por alunas age como protetor solar e repelente contra insetos","og_description":"Com extratos da Amaz\u00f4nia, o produto multifuncional utiliza nanotecnologia para tamb\u00e9m prevenir o envelhecimento precoce e doen\u00e7as como o c\u00e2ncer de pele.","og_url":"https:\/\/solvefortomorrowlatam.com\/es\/practica\/crema-desarrollada-estudiantes-actua-protector-solar-repelente-insectos\/","og_site_name":"Solve for Tomorrow Latam","article_modified_time":"2024-10-28T17:09:16+00:00","og_image":[{"width":554,"height":430,"url":"https:\/\/solvefortomorrowlatam.com\/wp-content\/uploads\/2024\/03\/SFT_02_nanofotocreamstem.jpg","type":"image\/jpeg"}],"twitter_card":"summary_large_image","twitter_misc":{"Est. reading time":"5 minutes"},"schema":{"@context":"https:\/\/schema.org","@graph":[{"@type":"WebPage","@id":"https:\/\/solvefortomorrowlatam.com\/es\/practica\/crema-desarrollada-estudiantes-actua-protector-solar-repelente-insectos\/","url":"https:\/\/solvefortomorrowlatam.com\/es\/practica\/crema-desarrollada-estudiantes-actua-protector-solar-repelente-insectos\/","name":"Nanofotocream: Protector Solar y Repelente","isPartOf":{"@id":"https:\/\/solvefortomorrowlatam.com\/es\/#website"},"primaryImageOfPage":{"@id":"https:\/\/solvefortomorrowlatam.com\/es\/practica\/crema-desarrollada-estudiantes-actua-protector-solar-repelente-insectos\/#primaryimage"},"image":{"@id":"https:\/\/solvefortomorrowlatam.com\/es\/practica\/crema-desarrollada-estudiantes-actua-protector-solar-repelente-insectos\/#primaryimage"},"thumbnailUrl":"https:\/\/solvefortomorrowlatam.com\/wp-content\/uploads\/2024\/03\/img_desk_SFT_02_nanofotocream.jpg","datePublished":"2024-03-02T00:10:17+00:00","dateModified":"2024-10-28T17:09:16+00:00","description":"Explora una crema creada por estudiantes con extractos amaz\u00f3nicos y nanotecnolog\u00eda. Ofrece protecci\u00f3n solar, propiedades antioxidantes y repelente.","breadcrumb":{"@id":"https:\/\/solvefortomorrowlatam.com\/es\/practica\/crema-desarrollada-estudiantes-actua-protector-solar-repelente-insectos\/#breadcrumb"},"inLanguage":"es-ES","potentialAction":[{"@type":"ReadAction","target":["https:\/\/solvefortomorrowlatam.com\/es\/practica\/crema-desarrollada-estudiantes-actua-protector-solar-repelente-insectos\/"]}]},{"@type":"ImageObject","inLanguage":"es-ES","@id":"https:\/\/solvefortomorrowlatam.com\/es\/practica\/crema-desarrollada-estudiantes-actua-protector-solar-repelente-insectos\/#primaryimage","url":"https:\/\/solvefortomorrowlatam.com\/wp-content\/uploads\/2024\/03\/img_desk_SFT_02_nanofotocream.jpg","contentUrl":"https:\/\/solvefortomorrowlatam.com\/wp-content\/uploads\/2024\/03\/img_desk_SFT_02_nanofotocream.jpg","width":1920,"height":570},{"@type":"BreadcrumbList","@id":"https:\/\/solvefortomorrowlatam.com\/es\/practica\/crema-desarrollada-estudiantes-actua-protector-solar-repelente-insectos\/#breadcrumb","itemListElement":[{"@type":"ListItem","position":1,"name":"Home","item":"https:\/\/solvefortomorrowlatam.com\/es\/"},{"@type":"ListItem","position":2,"name":"Crema desarrollada por estudiantes act\u00faa como protector solar y repelente de insectos"}]},{"@type":"WebSite","@id":"https:\/\/solvefortomorrowlatam.com\/es\/#website","url":"https:\/\/solvefortomorrowlatam.com\/es\/","name":"Solve for Tomorrow Latam","description":"A\u00e7\u00f5es educativas para empoderar jovens na transforma\u00e7\u00e3o da sociedade","publisher":{"@id":"https:\/\/solvefortomorrowlatam.com\/es\/#organization"},"potentialAction":[{"@type":"SearchAction","target":{"@type":"EntryPoint","urlTemplate":"https:\/\/solvefortomorrowlatam.com\/es\/?s={search_term_string}"},"query-input":{"@type":"PropertyValueSpecification","valueRequired":true,"valueName":"search_term_string"}}],"inLanguage":"es-ES"},{"@type":"Organization","@id":"https:\/\/solvefortomorrowlatam.com\/es\/#organization","name":"Samsung Solve for Tomorrow Latam","url":"https:\/\/solvefortomorrowlatam.com\/es\/","logo":{"@type":"ImageObject","inLanguage":"es-ES","@id":"https:\/\/solvefortomorrowlatam.com\/es\/#\/schema\/logo\/image\/","url":"https:\/\/solvefortomorrowlatam.com\/wp-content\/uploads\/2022\/08\/cropped-favicon.png","contentUrl":"https:\/\/solvefortomorrowlatam.com\/wp-content\/uploads\/2022\/08\/cropped-favicon.png","width":512,"height":512,"caption":"Samsung Solve for Tomorrow Latam"},"image":{"@id":"https:\/\/solvefortomorrowlatam.com\/es\/#\/schema\/logo\/image\/"}}]}},"_links":{"self":[{"href":"https:\/\/solvefortomorrowlatam.com\/es\/wp-json\/wp\/v2\/pratica\/6619","targetHints":{"allow":["GET"]}}],"collection":[{"href":"https:\/\/solvefortomorrowlatam.com\/es\/wp-json\/wp\/v2\/pratica"}],"about":[{"href":"https:\/\/solvefortomorrowlatam.com\/es\/wp-json\/wp\/v2\/types\/pratica"}],"version-history":[{"count":0,"href":"https:\/\/solvefortomorrowlatam.com\/es\/wp-json\/wp\/v2\/pratica\/6619\/revisions"}],"wp:featuredmedia":[{"embeddable":true,"href":"https:\/\/solvefortomorrowlatam.com\/es\/wp-json\/wp\/v2\/media\/6609"}],"wp:attachment":[{"href":"https:\/\/solvefortomorrowlatam.com\/es\/wp-json\/wp\/v2\/media?parent=6619"}],"wp:term":[{"taxonomy":"post_tag","embeddable":true,"href":"https:\/\/solvefortomorrowlatam.com\/es\/wp-json\/wp\/v2\/tags?post=6619"},{"taxonomy":"eixo_tematico","embeddable":true,"href":"https:\/\/solvefortomorrowlatam.com\/es\/wp-json\/wp\/v2\/eixo_tematico?post=6619"},{"taxonomy":"area_stem","embeddable":true,"href":"https:\/\/solvefortomorrowlatam.com\/es\/wp-json\/wp\/v2\/area_stem?post=6619"},{"taxonomy":"ano_projeto","embeddable":true,"href":"https:\/\/solvefortomorrowlatam.com\/es\/wp-json\/wp\/v2\/ano_projeto?post=6619"},{"taxonomy":"posicao_projeto","embeddable":true,"href":"https:\/\/solvefortomorrowlatam.com\/es\/wp-json\/wp\/v2\/posicao_projeto?post=6619"},{"taxonomy":"pais_projeto","embeddable":true,"href":"https:\/\/solvefortomorrowlatam.com\/es\/wp-json\/wp\/v2\/pais_projeto?post=6619"},{"taxonomy":"area_conhecimento","embeddable":true,"href":"https:\/\/solvefortomorrowlatam.com\/es\/wp-json\/wp\/v2\/area_conhecimento?post=6619"}],"curies":[{"name":"wp","href":"https:\/\/api.w.org\/{rel}","templated":true}]}}